{"id":347,"date":"2021-12-30T10:20:21","date_gmt":"2021-12-30T10:20:21","guid":{"rendered":"https:\/\/raquelandre.com\/?page_id=347"},"modified":"2025-12-11T18:19:41","modified_gmt":"2025-12-11T18:19:41","slug":"agenda","status":"publish","type":"page","link":"https:\/\/raquelandre.com\/en\/agenda\/","title":{"rendered":"Dates"},"content":{"rendered":"","protected":false},"excerpt":{"rendered":"","protected":false},"author":2,"featured_media":0,"parent":0,"menu_order":5,"comment_status":"closed","ping_status":"closed","template":"","meta":[],"class_list":["post-347","page","type-page","status-publish","hentry"],"grid":"{\r\n  \"colCount\": 12,\r\n  \"colGutter\": 2,\r\n  \"rowGutters\": [\r\n    0\r\n  ],\r\n  \"frameMargin\": 5,\r\n  \"leftFrameMargin\": 2,\r\n  \"rightFrameMargin\": 2,\r\n  \"topFrameMargin\": 6,\r\n  \"bottomFrameMargin\": 0,\r\n  \"rowAttrs\": [\r\n    {\r\n      \"relid\": 8\r\n    },\r\n    {\r\n      \"bgcolor\": \"#057380\",\r\n      \"row100vh\": true,\r\n      \"relid\": 9\r\n    }\r\n  ],\r\n  \"bgColor\": null,\r\n  \"cont\": [\r\n    {\r\n      \"type\": \"text\",\r\n      \"cont\": \"<p class=\\\"_Title\\\"><span style=\\\"color: #333333;\\\">NEXT DATES<\/span><\/p><p class=\\\"_Menu\\\">\u00a0<\/p><p><span class=\\\"_menu_blacky\\\">2023 - 2025<\/span> - Theater Workshop Cine Teatro Virginia - Torres Novas (PT)<\/p><p>\u00a0<\/p><p><span class=\\\"_menu_blacky\\\">2025<\/span><\/p><p>\u00a0<\/p><p><span class=\\\"_menu_blacky\\\">24\/2\/2025<\/span> - <em>Memory Conference<\/em>\u00a0- Teatro S\u00e3o Luiz - Lisboa (PT)<\/p><p><span class=\\\"_menu_blacky\\\">26\/2 - 2\/3\/2025<\/span> - <em>Memory<\/em> - Teatro S\u00e3o Luiz - Lisboa (PT)<\/p><p><span style=\\\"font-weight: 400;\\\"><span class=\\\"_menu_blacky\\\">19\/1 - 23\/1 \/2025<\/span> - <em>Starting All Over Again<\/em>\u00a0- Resid\u00eancia Art\u00edstica - Teatro Baltazar Dias (Funchal - PT)<\/span><\/p><p><span style=\\\"font-weight: 400;\\\"><span class=\\\"_menu_blacky\\\">25 - 28\/6 2025<\/span> - <em>Starting All Over Again<\/em> - Culturgest (Lisbon - PT) - ESTREIA<\/span><\/p><p><span style=\\\"font-weight: 400;\\\"><span class=\\\"_menu_blacky\\\">10\/10\/2025<\/span> - <em>Starting All Over Again<\/em> - <\/span><span style=\\\"font-weight: 400;\\\">Teatro Viriato (Viseu - PT)<\/span><\/p><p><span><span class=\\\"_menu_blacky\\\">20-11-2025<\/span>\u00a0- <em>Belonging<\/em> | E di | Pertenencia | Zugeh\u00f6rigkeit | Perten\u00e7a | \u7d46 - Cine Teatro Louletano - Loul\u00e9 (PT)<\/span><\/p><p><span class=\\\"_menu_blacky\\\">11 - 2025<\/span> - <em>Justi\u00e7a Cega - Teatro Viriato - Viseu (PT)<\/em><\/p><p><span class=\\\"_menu_blacky\\\">11 - 2025<\/span> -<em> Justi\u00e7a Cega<\/em> - Teatro S\u00e3o Luiz - Lisboa (PT)<\/p><p>\u00a0<\/p><p><span class=\\\"_menu_blacky\\\">2026<\/span><br \/><br \/><\/p><p><span style=\\\"font-weight: 400;\\\"><span class=\\\"_menu_blacky\\\">21 -6-2026<\/span> -<em> Starting All Over Again<\/em>\u00a0- Teatro Municipal Baltazar Dias (Funchal - PT)<\/span><\/p><p><span style=\\\"font-weight: 400;\\\"><span class=\\\"_menu_blacky\\\">2026<\/span> -<em> Starting All Over Again<\/em>\u00a0- Teatro Aveirense (Aveiro - PT)<\/span><\/p><p><span style=\\\"font-weight: 400;\\\"><span class=\\\"_menu_blacky\\\">2026<\/span> -<em> Starting All Over Again<\/em>\u00a0- Cine Teatro Louletano (Loul\u00e9 - PT)<\/span><\/p>\",\r\n      \"align\": \"top\",\r\n      \"row\": 0,\r\n      \"col\": 0,\r\n      \"colspan\": 12,\r\n      \"offsetx\": 0,\r\n      \"offsety\": 0,\r\n      \"spaceabove\": 1,\r\n      \"spacebelow\": 2,\r\n      \"yvel\": 1,\r\n      \"push\": 0,\r\n      \"relid\": 5,\r\n      \"absolute_position\": false,\r\n      \"textAnimation\": {\r\n        \"enableTextAnimation\": false\r\n      }\r\n    },\r\n    {\r\n      \"type\": \"stack\",\r\n      \"cont\": [\r\n        {\r\n          \"type\": \"text\",\r\n          \"cont\": \"<p class=\\\"_Title\\\"><span style=\\\"color: #ffffff;\\\">ARCHIVE<\/span><\/p>\",\r\n          \"align\": \"middle\",\r\n          \"row\": -1,\r\n          \"col\": 0,\r\n          \"colspan\": 12,\r\n          \"offsetx\": 0,\r\n          \"offsety\": 0,\r\n          \"spaceabove\": 2,\r\n          \"spacebelow\": 2,\r\n          \"yvel\": 1,\r\n          \"push\": 0,\r\n          \"relid\": 6,\r\n          \"absolute_position\": false\r\n        },\r\n        {\r\n          \"type\": \"text\",\r\n          \"cont\": \"<p class=\\\"_Menu\\\"><span class=\\\"_Default_white\\\" style=\\\"color: #ffffff;\\\">2024\u00a0<\/span><\/p><p class=\\\"_Menu\\\"><span class=\\\"_Default_white\\\" style=\\\"color: #ffffff;\\\">12\/7\/2024 - <em>Belonging<\/em> | E di |\u00a0Pertenencia |\u00a0Zugeh\u00f6rigkeit |\u00a0Perten\u00e7a |\u00a0\u7d46 - Maps - Set\u00fabal (PT)<\/span><\/p><p class=\\\"_Menu\\\"><span class=\\\"_Default_white\\\" style=\\\"color: #ffffff;\\\">6\/10\/2024 - <em>Belonging<\/em> | E di | Pertenencia | Zugeh\u00f6rigkeit | Perten\u00e7a | \u7d46 - Centro Cultural Portugu\u00eas (Guin\u00e9-Bissau)<\/span><\/p><p class=\\\"_Menu\\\"><span class=\\\"_Default_white\\\" style=\\\"color: #ffffff;\\\">25\/10\/2024 - <em>Belonging<\/em> | E di | Pertenencia | Zugeh\u00f6rigkeit | Perten\u00e7a | \u7d46 - Cine-Teatro S\u00e3o Pedro - Alcanena (PT)<\/span><\/p><p class=\\\"_Menu\\\"><span class=\\\"_Default_white\\\" style=\\\"color: #ffffff;\\\">1-2\/11\/2024 - <em>Belonging | E di |\u00a0Pertenencia |\u00a0Zugeh\u00f6rigkeit |\u00a0Perten\u00e7a |\u00a0\u7d46<\/em> - Festival Linha de Fuga no Teatr\u00e3o\/Oficina Municipal de Teatro - Coimbra (PT)<\/span><\/p><p class=\\\"_Menu\\\"><span class=\\\"_Default_white\\\" style=\\\"color: #ffffff;\\\">7-17\/11\/2024 - <em>Belonging | E di |\u00a0Pertenencia |\u00a0Zugeh\u00f6rigkeit |\u00a0Perten\u00e7a |\u00a0\u7d46 <\/em> - Teatro S\u00e3o Luiz - Lisboa (PT)<\/span><\/p><p class=\\\"_Menu\\\"><span class=\\\"_Default_white\\\" style=\\\"color: #ffffff;\\\">7\/11\/2024 - Lan\u00e7amento do Livro - <em>Belonging | E di |\u00a0Pertenencia |\u00a0Zugeh\u00f6rigkeit |\u00a0Perten\u00e7a |\u00a0\u7d46 <\/em> - Teatro S\u00e3o Luiz - Lisboa (PT)<\/span><\/p><p class=\\\"_Menu\\\"><span class=\\\"_Default_white\\\" style=\\\"color: #ffffff;\\\">18-20\/11\/2024 - Colec\u00e7\u00e3o de Espectador_s - Exposi\u00e7\u00e3o - II Congress of Theater Spectators - Barcelona (ESP)<\/span><\/p><p class=\\\"_Menu\\\"><span class=\\\"_Default_white\\\" style=\\\"color: #ffffff;\\\">20\/11\/2024 - Colec\u00e7\u00e3o de Espectador_s - II Congress of Theater Spectators - Barcelona (ESP)<\/span><\/p><p class=\\\"_Menu\\\"><span style=\\\"color: #ffffff;\\\"><span class=\\\"_Default_white\\\">7\/12\/2024 - <\/span><em><span class=\\\"_Default_white\\\">Belonging | E di |\u00a0Pertenencia |\u00a0Zugeh\u00f6rigkeit |\u00a0Perten\u00e7a |\u00a0\u7d46 <\/span><\/em><span class=\\\"_Default_white\\\"> - Cine Teatro Para\u00edso - Tomar (PT)<\/span><\/span><\/p><p><span class=\\\"_Default_white\\\" style=\\\"color: #ffffff;\\\">4\/2024 - J\u00fari VAGABUNDAS - Cepa Torta - (PT)<\/span><\/p><p><span class=\\\"_Default_white\\\" style=\\\"color: #ffffff;\\\">19\/4\/2024 - Semin\u00e1rio Intimidades P\u00fablicas - ICNOVA FCSH (online)<\/span><\/p><p><span class=\\\"_Default_white\\\" style=\\\"color: #ffffff;\\\">20-21\/4\/2024 - Performance como A\u00e7\u00e3o - A\u00e7\u00e3o como Performance - Workshop Coffepast - Lisboa (PT)<\/span><\/p><p><span class=\\\"_Default_white\\\" style=\\\"color: #ffffff;\\\">7-8\/5\/2924 - Performance as Action - Action as Performance - Workshop - London Contemporary Dance School\u00a0|<b>\u00a0<\/b><a id=\\\"m_-5026539941293094958OWA8539d956-1c08-b608-2f83-530278efa51a\\\" style=\\\"color: #ffffff;\\\" title=\\\"https:\/\/www.theplace.org.uk\/lcds-homepage\\\" rel=\\\"noopener\\\" href=\\\"https:\/\/www.theplace.org.uk\/lcds-homepage\\\" target=\\\"_blank\\\" data-saferedirecturl=\\\"https:\/\/www.google.com\/url?q=https:\/\/www.theplace.org.uk\/lcds-homepage&amp;source=gmail&amp;ust=1711724654800000&amp;usg=AOvVaw1jqd6x01c27y-AUg74AWoS\\\">The Place<\/a> - Londres (ING)<\/span><\/p><p><span class=\\\"_Default_white\\\" style=\\\"color: #ffffff;\\\">19\/5-2\/6\/2024 - Resid\u00eancia Art\u00edstica \\\"O Homem que Guardava as \u00c1guas\\\" - Casa do Terreiro - Mondego (PT)<\/span><\/p><p><span class=\\\"_Default_white\\\">13\/1\/2023 - <i>A \u00faltima fila \u00e9 Futuro - <\/i>Ciclo Antecipar o Futuro TNDMII - Lagoa (PT)<\/span><\/p><p><span class=\\\"_Default_white\\\">14-31\/1\/2023 - <em>Belonging | E di |\u00a0Pertenencia |\u00a0Zugeh\u00f6rigkeit |\u00a0Perten\u00e7a |\u00a0\u7d46<\/em> - resid\u00eancia art\u00edstica - Linha de Fuga - Coimbra (PT)<br \/>22\/2\/2023 - <em>Vamos falar sobre<\/em> ... -AORCA -\u00a0 Lagoa (PT)<br \/><\/span><\/p><p><span class=\\\"_Default_white\\\">15-16 \/3\/2024 - <em>Belonging<\/em> | E di |\u00a0Pertenencia |\u00a0Zugeh\u00f6rigkeit |\u00a0Perten\u00e7a |\u00a0\u7d46 - <strong>PREMIERE<\/strong> - Teatro Rivoli (Porto, PT)<br \/>23\/3\/2024 - <em>Collection of Lovers<\/em> - Sessimbra (PT)<\/span><\/p><p>\u00a0<\/p><p class=\\\"_Menu_White\\\">\u00a0<\/p><p><span style=\\\"color: #ffffff; font-family: 'Rubik Mono One', sans-serif; font-size: 0.8vw; letter-spacing: 0em; text-indent: 0em;\\\">2023<\/span><\/p><p class=\\\"_Menu\\\">\u00a0<\/p><p class=\\\"_Default\\\"><br \/><span class=\\\"_Default_white\\\" style=\\\"color: #ffffff;\\\">9-13\/10\/2023 - <em>Belonging<\/em>\u00a0- resid\u00eancia art\u00edstica - Cine-teatro Louletano (Loul\u00e9 - PT)<\/span><br \/><span class=\\\"_Default_white\\\" style=\\\"color: #ffffff;\\\">17\/10\/2023 - <em>\u00a0<b>BRINCANDO - Encontros sobre Arte, Educa\u00e7\u00e3o e Pr\u00e1ticas Transformadoras - conversa (Lagoa-PT)<\/b><\/em><\/span><\/p><p><span class=\\\"_Default_white\\\">18 Outubro 2023 - 2025 - Inicio de Projeto de Forma\u00e7\u00e3o Teatro Virginia (Torres Novas)<\/span><\/p><p><span class=\\\"_Default_white\\\" style=\\\"color: #ffffff;\\\">19 - 26\/10\/2023 - Belonging - resid\u00eancia art\u00edstica - Centro Cultural Portugu\u00eas (Bissau - Guin\u00e9)<\/span><\/p><p><span class=\\\"_Default_white\\\" style=\\\"color: #ffffff;\\\">4 - 14\/11\/2023 - <em>Belonging<\/em> - resid\u00eancia art\u00edstica -\u00a0 IGM (M\u00e9xico)\u00a0<\/span><\/p><p><span class=\\\"_Default_white\\\">JUNHO 20 23 - LAN\u00c7AMENTO LIVRO MUTANTES - COM\u00c9DIAS DO MINHO <br \/>16-21\/6\/2023 - <em>Collection of Lovers<\/em> - International Theatre Festival TheATRIUM (Klaip\u00e8da, Lithuania)<br \/>4-8 \/7\/2023 - ETC Academy - Festival D'Avignon (Avignon, France)<\/span><\/p><p class=\\\"_Default\\\" style=\\\"line-height: 1.8;\\\"><span class=\\\"_Default_white\\\" style=\\\"color: #ffffff;\\\">3\/4 a 6\/4\/2023 Oficina Mutantes - Com\u00e9dias do Minho (Minho - PT)<\/span><\/p><p><span class=\\\"_Default_white\\\" style=\\\"color: #ffffff;\\\">14\/04\/2023\u00a0- <em>Outra L\u00edngua -\u00a0<\/em> Rede Eunice (Torres Novas - PT)<\/span><br \/><span class=\\\"_Default_white\\\" style=\\\"color: #ffffff;\\\">21 \/04 \/ 2023\u00a0-\u00a0 <em>Outra L\u00edngua -\u00a0<\/em>Rede Eunice (Pombal - PT)<\/span><br \/><span class=\\\"_Default_white\\\" style=\\\"color: #ffffff;\\\">28\/04\/2023\u00a0- <em>Outra L\u00edngua -\u00a0<\/em>Rede Eunice (Estarreja - PT)<br \/>8-12\/5\/2023 - <em>Belongingness (t\u00edtulo provis\u00f3rio)<\/em> - artistic residency - Casa da Cultura (Set\u00fabal - PT)<br \/>17\/5\/2023 - Participation at Periferias Centrais - Culturgest (Lisboa - PT)<\/span><\/p><p class=\\\"_Default\\\"><span class=\\\"_Default_white\\\">14\/1 a 21\/ 1\/ 2023 Cole\u00e7\u00e3o de Espectador_s - Teatro Municipal de Estarreja (Estarreja - PT)<\/span><\/p><p style=\\\"line-height: 1.8;\\\"><span style=\\\"color: #ffffff;\\\">26\/2 a 5\/03\/2023 <em><a style=\\\"color: #ffffff;\\\" href=\\\"https:\/\/raquelandre.com\/colecao-de-espectador_s\/\\\" data-type=\\\"project\\\" data-id=\\\"379\\\" data-title=\\\"Cole\u00e7\u00e3o de Espectador_s\\\" data-catid=\\\"[55,49]\\\">Cole\u00e7\u00e3o de Espectador_s<\/a><\/em> - Teatro Baltazar Dias (Funchal - PT)<\/span><\/p><p>\u00a0<\/p><p class=\\\"_Default\\\"><span class=\\\"_Menu_whity\\\" style=\\\"color: #ffffff;\\\">2022<\/span><\/p><p class=\\\"_Default\\\"><span style=\\\"color: #333333;\\\"><span class=\\\"_Default_white\\\" style=\\\"color: #ffffff;\\\">9\/12 a 16\/12\/2022 <em><a style=\\\"color: #ffffff;\\\" href=\\\"https:\/\/raquelandre.com\/colecao-de-espectador_s\/\\\" data-type=\\\"project\\\" data-id=\\\"379\\\" data-title=\\\"Cole\u00e7\u00e3o de Espectador_s\\\" data-catid=\\\"[55,49]\\\">Cole\u00e7\u00e3o de Espectador_s<\/a><\/em> - Teatro Rivoli (Porto- PT)<\/span><br \/><span class=\\\"_Default_white\\\">16\/12\/2022 Publica\u00e7\u00e3o Cole\u00e7\u00e3o de Pessoas - Lan\u00e7amento Online<\/span><br \/><\/span><\/p><p class=\\\"_Default\\\"><span style=\\\"color: #ffffff;\\\">15-17\/09\/2022 <em><a style=\\\"color: #ffffff;\\\" href=\\\"https:\/\/raquelandre.com\/set-the-table\/\\\" data-type=\\\"project\\\" data-id=\\\"384\\\" data-title=\\\"Set the table\\\" data-catid=\\\"[55,49]\\\">Set the Table<\/a><\/em>- Biblioteca de Marvila (Lisboa - PT) - ESTREIA<\/span><\/p><p class=\\\"_Default\\\"><span style=\\\"color: #ffffff;\\\">25\/9 a 1\/10\/2022 <em><a style=\\\"color: #ffffff;\\\" href=\\\"https:\/\/raquelandre.com\/colecao-de-espectador_s\/\\\" data-type=\\\"project\\\" data-id=\\\"379\\\" data-title=\\\"Cole\u00e7\u00e3o de Espectador_s\\\" data-catid=\\\"[55,49]\\\">Cole\u00e7\u00e3o de Espectador_s <\/a><\/em>- (Cidade Treinta y Tres - Uruguai)<\/span><br \/><span style=\\\"color: #ffffff;\\\">2\/10 a 10\/10\/2022 <em><a style=\\\"color: #ffffff;\\\" href=\\\"https:\/\/raquelandre.com\/colecao-de-espectador_s\/\\\" data-type=\\\"project\\\" data-id=\\\"379\\\" data-title=\\\"Cole\u00e7\u00e3o de Espectador_s\\\" data-catid=\\\"[55,49]\\\">Cole\u00e7\u00e3o de Espectador_s <\/a><\/em>- (Montevideo\u00a0- Uruguai)<\/span><br \/><span style=\\\"color: #ffffff;\\\">20\/10\/2022 a 27\/10\/2022 <em>Collection of Spectators<\/em> - SPRING in Autumn\u00a0(Uttrech - NL)<\/span><\/p><p style=\\\"line-height: 1.8;\\\"><span style=\\\"color: #ffffff;\\\">5\/11 a 11\/11\/2022 <em><a style=\\\"color: #ffffff;\\\" href=\\\"https:\/\/raquelandre.com\/colecao-de-espectador_s\/\\\" data-type=\\\"project\\\" data-id=\\\"379\\\" data-title=\\\"Cole\u00e7\u00e3o de Espectador_s\\\" data-catid=\\\"[55,49]\\\">Cole\u00e7\u00e3o de Espectador_s <\/a><\/em>- Cine-Teatro S\u00e3o Pedro (Alcanena- PT)<\/span><\/p><p class=\\\"_Default\\\"><span style=\\\"font-family: 'Rubik Mono One', sans-serif; color: #ffffff; font-size: 9px;\\\">14\/11 a 20\/11\/2022 <span class=\\\"_Default_white\\\"><em>Set the Table<\/em> - BUDA (Kortrijk - BE)<\/span><\/span><\/p><p style=\\\"line-height: 1.8;\\\"><span style=\\\"color: #ffffff;\\\"><span class=\\\"_Menu_whity\\\">13\/05\/2022<\/span> <em><a style=\\\"color: #ffffff;\\\" href=\\\"https:\/\/raquelandre.com\/outra-lingua\/\\\" data-type=\\\"project\\\" data-id=\\\"385\\\" data-title=\\\"Outra L\u00edngua\\\" data-catid=\\\"[55,49]\\\">Outra L\u00edngua<\/a><\/em><a style=\\\"color: #ffffff;\\\" href=\\\"https:\/\/raquelandre.com\/set-the-table-2\/\\\" data-type=\\\"project\\\" data-id=\\\"385\\\" data-title=\\\"Outra l\u00edngua\\\" data-catid=\\\"[55,49]\\\"> <\/a>- Espa\u00e7o do Tempo (Montemor-O-Novo - PT) - ESTREIA<\/span><\/p><p><span style=\\\"color: #ffffff;\\\"><span class=\\\"_Menu_whity\\\">14-18\/05\/2022 <\/span><em><a style=\\\"color: #ffffff;\\\" href=\\\"https:\/\/raquelandre.com\/exposicao-de-amantes\/\\\" data-type=\\\"project\\\" data-id=\\\"390\\\" data-title=\\\"Exposi\u00e7\u00e3o de Amantes\\\" data-catid=\\\"[55,50]\\\">Exposi\u00e7\u00e3o de Amantes<\/a><\/em><a style=\\\"color: #ffffff;\\\" href=\\\"https:\/\/raquelandre.com\/exposicao-de-amantes\/\\\" data-type=\\\"project\\\" data-id=\\\"390\\\" data-title=\\\"Exposi\u00e7\u00e3o de Amantes\\\" data-catid=\\\"[55,50]\\\"> <\/a>- Festival Sentidos (Valencia - ESP)<\/span><\/p><p style=\\\"line-height: 1.8;\\\"><span style=\\\"color: #ffffff;\\\"><span class=\\\"_Menu_whity\\\">20\/05\/2022 <\/span><em><a style=\\\"color: #ffffff;\\\" href=\\\"https:\/\/raquelandre.com\/outra-lingua\/\\\" data-type=\\\"project\\\" data-id=\\\"385\\\" data-title=\\\"Outra L\u00edngua\\\" data-catid=\\\"[55,49]\\\">Outra L\u00edngua<\/a><\/em> - Teatro Viriato (Viseu - PT)<\/span><\/p><p style=\\\"line-height: 1.8;\\\"><span style=\\\"color: #ffffff;\\\"><span class=\\\"_Menu_whity\\\">26\/05-12\/06\/2022 <\/span><em><a style=\\\"color: #ffffff;\\\" href=\\\"https:\/\/raquelandre.com\/outra-lingua\/\\\" data-type=\\\"project\\\" data-id=\\\"385\\\" data-title=\\\"Outra L\u00edngua\\\" data-catid=\\\"[55,49]\\\"><span class=\\\"_Menu_whity\\\">O<\/span>utra L\u00edngua<\/a> <\/em>- Teatro Nacional D. Maria II (Lisboa - PT)<\/span><\/p><p style=\\\"line-height: 1.8;\\\"><span style=\\\"color: #ffffff;\\\"><span class=\\\"_Menu_whity\\\">16-21\/06\/2022<\/span> <em><a style=\\\"color: #ffffff;\\\" href=\\\"https:\/\/raquelandre.com\/set-the-table\/\\\" data-type=\\\"project\\\" data-id=\\\"384\\\" data-title=\\\"Set the table\\\" data-catid=\\\"[55,49]\\\">Set the Table<\/a><\/em>\u00a0- Oficina - Teatro Nacional Radu Stanca (Sibiu - ROU)<\/span><\/p><p style=\\\"line-height: 1.8;\\\"><span style=\\\"color: #ffffff;\\\"><span class=\\\"_Menu_whity\\\">23-27\/06\/2022<\/span> <em><a style=\\\"color: #ffffff;\\\" href=\\\"https:\/\/raquelandre.com\/set-the-table\/\\\" data-type=\\\"project\\\" data-id=\\\"384\\\" data-title=\\\"Set the table\\\" data-catid=\\\"[55,49]\\\">Set the Table<\/a><\/em>\u00a0- Oficina - BUDA (Kortrijk - BE)<\/span><\/p><p style=\\\"line-height: 1.8;\\\"><span style=\\\"color: #ffffff;\\\"><span class=\\\"_Menu_whity\\\">10-16\/7\/2022 <\/span><em><a style=\\\"color: #ffffff;\\\" href=\\\"https:\/\/raquelandre.com\/conta-me-a-tua-historia-oficina\/\\\" data-type=\\\"project\\\" data-id=\\\"513\\\" data-title=\\\"Conta-me a tua Hist\u00f3ria - oficina\\\" data-catid=\\\"[55,52]\\\">Conta-me a tua hist\u00f3ria\u00a0- Oficina<\/a><\/em> - Com\u00e9dias do Minho (Minho - PT)<\/span><\/p><p style=\\\"line-height: 1.8;\\\"><span style=\\\"color: #ffffff;\\\"><span class=\\\"_Menu_whity\\\">24\u201327\/02\/2022<\/span>\u00a0 <em><a style=\\\"color: #ffffff;\\\" href=\\\"https:\/\/raquelandre.com\/exposicao-de-amantes\/\\\" data-type=\\\"project\\\" data-id=\\\"390\\\" data-title=\\\"Exposi\u00e7\u00e3o de Amantes\\\" data-catid=\\\"[55,50]\\\">Exposi\u00e7\u00e3o de Amantes<\/a><\/em>\u00a0- Centro Cultural Vila Flor (Guimar\u00e3es - PT)<\/span><\/p><p style=\\\"line-height: 1.8;\\\"><span style=\\\"color: #ffffff;\\\"><span class=\\\"_Menu_whity\\\">24\/02\/2022<\/span> <em>Confer\u00eancia Cole\u00e7\u00f5es<\/em>\u00a0- Centro Cultural Vila Flor (Guimar\u00e3es - PT)<\/span><\/p><p style=\\\"line-height: 1.8;\\\"><span style=\\\"color: #ffffff;\\\"><span class=\\\"_Menu_whity\\\">26\/02\/2022<\/span>\u00a0<em><a style=\\\"color: #ffffff;\\\" href=\\\"https:\/\/raquelandre.com\/colecao-de-espectador_s\/\\\" data-type=\\\"project\\\" data-id=\\\"379\\\" data-title=\\\"Cole\u00e7\u00e3o de Espectador_s\\\" data-catid=\\\"[55,49]\\\">Cole\u00e7\u00e3o de Espectador_s<\/a><\/em>\u00a0- Centro Cultural Vila Flor (Guimar\u00e3es- PT)<\/span><\/p><p style=\\\"line-height: 1.8;\\\"><span style=\\\"color: #ffffff;\\\"><span class=\\\"_Menu_whity\\\">27\/02\/2022<\/span> <em><a style=\\\"color: #ffffff;\\\" href=\\\"https:\/\/raquelandre.com\/colecao-de-amantes\/\\\" data-type=\\\"project\\\" data-id=\\\"382\\\" data-title=\\\"Cole\u00e7\u00e3o de Amantes\\\" data-catid=\\\"[55,49]\\\">Cole\u00e7\u00e3o de Amantes<\/a><\/em>\u00a0- Centro Cultural Vila Flor (Guimar\u00e3es - PT)<\/span><\/p><p>\u00a0<\/p><p><span class=\\\"_Menu_whity\\\">2021<\/span><\/p><p class=\\\"_Menu\\\"><span class=\\\"_Default_white\\\" style=\\\"font-weight: 400;\\\">13\/12 - 22\/12\/2021 - Resid\u00eancia Art\u00edstica OUTRA LINGUA - Espa\u00e7o do Tempo - (Montemor o Novo - PT)<\/span><\/p><p class=\\\"_Menu\\\"><span class=\\\"_Default_white\\\"><b>\u00a0<\/b><\/span><\/p><p class=\\\"_Menu\\\"><span class=\\\"_Default_white\\\" style=\\\"font-weight: 400;\\\">5\/11 - 11\/11\/2021 - EXPOSI\u00c7\u00c3O DE AMANTES - Teatro do Bairro Alto (TBA) (Lisboa - PT) - ESTREIA\u00a0<\/span><\/p><p class=\\\"_Menu\\\"><span class=\\\"_Default_white\\\"><b>\u00a0<\/b><\/span><\/p><p class=\\\"_Menu\\\"><span class=\\\"_Default_white\\\" style=\\\"font-weight: 400;\\\">25\/09 - 6\/10\/2021- Resid\u00eancia Art\u00edstica SET THE TABLE - DOMIN (Zagreb - CRO)<\/span><\/p><p class=\\\"_Menu\\\"><span class=\\\"_Default_white\\\"><b>\u00a0<\/b><\/span><\/p><p class=\\\"_Menu\\\"><span class=\\\"_Default_white\\\"><span style=\\\"font-weight: 400;\\\">10\/09 - 11\/09\/ 2021 - COLE\u00c7\u00c3O DE ESPECTADOR_S - Pal\u00e1cio da Cultura (Praia - CV)<\/span><span style=\\\"font-weight: 400;\\\"><br \/><br \/><\/span><\/span><\/p><p class=\\\"_Menu\\\"><span class=\\\"_Default_white\\\"><span style=\\\"font-weight: 400;\\\">27\/08 - 28\/08\/ 2021 - COLE\u00c7\u00c3O DE ESPECTADOR_S - Bit Teatergarajsen (Bergen - NOR)<\/span><span style=\\\"font-weight: 400;\\\"><br \/><br \/><\/span><\/span><\/p><p class=\\\"_Menu\\\"><span class=\\\"_Default_white\\\"><span style=\\\"font-weight: 400;\\\">16\/07 - 18\/07\/ 2021 - COLE\u00c7\u00c3O DE ESPECTADOR_S - Teatro Nacional D.Maria II (Lisboa - PT)<\/span><span style=\\\"font-weight: 400;\\\"><br \/><br \/><\/span><\/span><\/p><p class=\\\"_Menu\\\"><span class=\\\"_Default_white\\\" style=\\\"font-weight: 400;\\\">04\/07 - 26\/07\/2021 - EXPOSI\u00c7\u00c3O COLE\u00c7\u00c3O DE ESPECTADOR_S - Casa da Cultura (Set\u00fabal- PT)<\/span><\/p><p class=\\\"_Menu\\\"><span class=\\\"_Default_white\\\"><b>\u00a0<\/b><\/span><\/p><p class=\\\"_Menu\\\"><span class=\\\"_Default_white\\\" style=\\\"font-weight: 400;\\\">6\/05 - 09\/05\/2021 - COLE\u00c7\u00c3O DE ARTISTAS - FITEIdigital (Porto - PT)<\/span><\/p><p class=\\\"_Menu\\\"><span class=\\\"_Default_white\\\"><b>\u00a0<\/b><\/span><\/p><p class=\\\"_Menu\\\"><span class=\\\"_Default_white\\\" style=\\\"font-weight: 400;\\\">15\/04\/2021 - BELONGINGNESS - Fuel Theater (online) - LAN\u00c7AMENTO<\/span><\/p><p class=\\\"_Menu\\\"><span class=\\\"_Default_white\\\"><b>\u00a0<\/b><\/span><\/p><p class=\\\"_Menu\\\"><span class=\\\"_Default_white\\\" style=\\\"font-weight: 400;\\\">21\/04\/ 2021 - COLLECTIONOFSPECTATORS.COM - This Time Tomorrow (Cincinnati - EUA - online)<\/span><\/p><p class=\\\"_Menu\\\"><span class=\\\"_Default_white\\\"><b>\u00a0<\/b><\/span><\/p><p class=\\\"_Menu\\\"><span class=\\\"_Default_white\\\"><span style=\\\"font-weight: 400;\\\">26\/03\/2021 - COLE\u00c7\u00c3O DE AMANTES - <\/span><span style=\\\"font-weight: 400;\\\">Casa da Cultura (Set\u00fabal- PT)<\/span><\/span><\/p><p class=\\\"_Menu\\\"><span class=\\\"_Default_white\\\"><b>\u00a0<\/b><\/span><\/p><p class=\\\"_Menu_White\\\">2020<\/p><p class=\\\"_Menu\\\"><span class=\\\"_Default_white\\\" style=\\\"font-weight: 400;\\\">9\/12 - 10\/12\/2020 - EXPOSI\u00c7\u00c3O COLE\u00c7\u00c3O DE ESPECTADOR_S - Circolando (Porto - PT)<\/span><\/p><p class=\\\"_Menu\\\"><span class=\\\"_Default_white\\\"><b>\u00a0<\/b><\/span><\/p><p class=\\\"_Menu\\\"><span class=\\\"_Default_white\\\" style=\\\"font-weight: 400;\\\">18\/11-28\/11\/2020 - EXPOSI\u00c7\u00c3O COLE\u00c7\u00c3O DE ESPECTADOR_S - Centro Cultural da Malaposta (Odivelas - PT)<\/span><\/p><p class=\\\"_Menu\\\"><span class=\\\"_Default_white\\\"><b>\u00a0<\/b><\/span><\/p><p class=\\\"_Menu\\\"><span class=\\\"_Default_white\\\" style=\\\"font-weight: 400;\\\">28\/11 - 29\/11\/2020 - Espectador_Espectador_ Conversas - Centro Cultural da Malaposta (Odivelas - PT)<\/span><\/p><p class=\\\"_Menu\\\"><span class=\\\"_Default_white\\\"><b>\u00a0<\/b><\/span><\/p><p class=\\\"_Menu\\\"><span class=\\\"_Default_white\\\" style=\\\"font-weight: 400;\\\">28\/11 - 29\/11\/2020 - Espectador_Espectador_ Performances - Centro Cultural da Malaposta (Odivelas - PT)<\/span><\/p><p class=\\\"_Menu\\\"><span class=\\\"_Default_white\\\"><b>\u00a0<\/b><\/span><\/p><p class=\\\"_Menu\\\"><span class=\\\"_Default_white\\\" style=\\\"font-weight: 400;\\\">22\/11 - 27\/11\/2020 - Espectador_Espectador_ Oficina - Centro Cultural da Malaposta (Odivelas - PT)<\/span><\/p><p class=\\\"_Menu\\\"><span class=\\\"_Default_white\\\"><b>\u00a0<\/b><\/span><\/p><p class=\\\"_Menu\\\"><span class=\\\"_Default_white\\\" style=\\\"font-weight: 400;\\\">18\/11 - 29\/11\/2020 - Espectator_Espectador_ Exposi\u00e7\u00e3o - Centro Cultural da Malaposta (Odivelas - PT)<\/span><\/p><p class=\\\"_Menu\\\"><span class=\\\"_Default_white\\\"><b>\u00a0<\/b><\/span><\/p><p class=\\\"_Menu\\\"><span class=\\\"_Default_white\\\" style=\\\"font-weight: 400;\\\">20\/10\/2020 - COLLECTIONOFSPECTATORS.COM (online) - LAN\u00c7AMENTO<\/span><\/p><p class=\\\"_Menu\\\"><span class=\\\"_Default_white\\\"><b>\u00a0<\/b><\/span><\/p><p class=\\\"_Menu\\\"><span class=\\\"_Default_white\\\" style=\\\"font-weight: 400;\\\">20\/10 - 25\/10\/2020 - TRA\u00c7A (online)<\/span><\/p><p class=\\\"_Menu\\\"><span class=\\\"_Default_white\\\"><b>\u00a0<\/b><\/span><\/p><p class=\\\"_Menu\\\"><span class=\\\"_Default_white\\\" style=\\\"font-weight: 400;\\\">16\/10\/2020 - Cole\u00e7\u00e3o de Amantes - Cultura em Expans\u00e3o (Porto - PT)<\/span><\/p><p class=\\\"_Menu\\\"><span class=\\\"_Default_white\\\"><b>\u00a0<\/b><\/span><\/p><p class=\\\"_Menu\\\"><span class=\\\"_Default_white\\\" style=\\\"font-weight: 400;\\\">8\/09\/2020 - Collection of People - MasterClass Instituto Cam\u00f5es Estocolmo (online)<\/span><\/p><p class=\\\"_Menu\\\"><span class=\\\"_Default_white\\\"><b>\u00a0<\/b><\/span><\/p><p class=\\\"_Menu\\\"><span class=\\\"_Default_white\\\" style=\\\"font-weight: 400;\\\">26\/06 - 30\/06\/2020 - Cole\u00e7\u00e3o de Espectador_s - Resid\u00eancia Art\u00edstica - Espa\u00e7o do Tempo (Montemor-O-Novo - PT)<\/span><\/p><p class=\\\"_Menu\\\"><span class=\\\"_Default_white\\\"><b>\u00a0<\/b><\/span><\/p><p class=\\\"_Menu\\\"><span class=\\\"_Default_white\\\" style=\\\"font-weight: 400;\\\">25\/04\/2020 - Cole\u00e7\u00e3o de Amantes - Teatro Nacional D.Maria II (online)<\/span><\/p><p class=\\\"_Menu\\\"><span class=\\\"_Default_white\\\"><b>\u00a0<\/b><\/span><\/p><p class=\\\"_Menu\\\"><span class=\\\"_Default_white\\\" style=\\\"font-weight: 400;\\\">9\/02\/2020 - Cole\u00e7\u00e3o de Amantes - Temporada Alta (Cuscu - Per\u00fa)<\/span><\/p><p class=\\\"_Menu\\\"><span class=\\\"_Default_white\\\"><b>\u00a0<\/b><\/span><\/p><p class=\\\"_Menu\\\"><span class=\\\"_Default_white\\\" style=\\\"font-weight: 400;\\\">6\/02 - 7\/02\/2020 - Cole\u00e7\u00e3o de Amantes - Temporada Alta (Lima - Per\u00fa)<\/span><\/p><p class=\\\"_Menu\\\"><span class=\\\"_Default_white\\\"><b>\u00a0<\/b><\/span><\/p><p class=\\\"_Menu\\\"><span class=\\\"_Default_white\\\" style=\\\"font-weight: 400;\\\">24\/01 - 25\/01\/2020 - Cole\u00e7\u00e3o de Artistas - PNEU (Salzburg - AUS)<\/span><\/p><p>\u00a0<\/p><p class=\\\"_Menu_White\\\"><span class=\\\"_Menu_whity\\\"><b>2019\u00a0<\/b><\/span><\/p><p class=\\\"_Menu\\\"><span class=\\\"_Default_white\\\" style=\\\"font-weight: 400;\\\">12\/12 - 13\/12\/2019 - Collection D'Amants - Th\u00e9\u00e2tre des 13 vents (Montpellier - FR)<\/span><\/p><p class=\\\"_Menu\\\"><span class=\\\"_Default_white\\\"><b>\u00a0<\/b><\/span><\/p><p class=\\\"_Menu\\\"><span class=\\\"_Default_white\\\" style=\\\"font-weight: 400;\\\">8\/11 - 9\/11\/2019 - COLE\u00c7\u00c3O DE ARTISTAS - Tanzfabrik (Berlim - GR)<\/span><\/p><p class=\\\"_Menu\\\"><span class=\\\"_Default_white\\\"><b>\u00a0<\/b><\/span><\/p><p class=\\\"_Menu\\\"><span class=\\\"_Default_white\\\" style=\\\"font-weight: 400;\\\">1\/11\/ 2019 - Cole\u00e7\u00e3o de Amantes - Festival Ver\u00e3o Azul\u00a0 (Lagos - PT)<\/span><\/p><p class=\\\"_Menu\\\"><span class=\\\"_Default_white\\\"><b>\u00a0<\/b><\/span><\/p><p class=\\\"_Menu\\\"><span class=\\\"_Default_white\\\" style=\\\"font-weight: 400;\\\">19\/10\/2019 - Cole\u00e7\u00e3o de Artistas - Festival Ver\u00e3o Azul (Loul\u00e9 - PT)<\/span><\/p><p class=\\\"_Menu\\\"><span class=\\\"_Default_white\\\"><b>\u00a0<\/b><\/span><\/p><p class=\\\"_Menu\\\"><span class=\\\"_Default_white\\\" style=\\\"font-weight: 400;\\\">10\/10 - 12\/10\/2019 - Collection of Lovers - Dublin Theater Festival (Dublin - Irland)<\/span><\/p><p class=\\\"_Menu\\\"><span class=\\\"_Default_white\\\"><b>\u00a0<\/b><\/span><\/p><p class=\\\"_Menu\\\"><span class=\\\"_Default_white\\\"><span style=\\\"font-weight: 400;\\\">3\/10 - 4\/10\/2019 - COLE\u00c7\u00c3O DE ARTISTAS - <\/span><span style=\\\"font-weight: 400;\\\">Bit Teatergarasjen (Bergen - NOR)<\/span><\/span><\/p><p class=\\\"_Menu\\\"><span class=\\\"_Default_white\\\"><b>\u00a0<\/b><\/span><\/p><p class=\\\"_Menu\\\"><span class=\\\"_Default_white\\\" style=\\\"font-weight: 400;\\\">16\/11\/2019 - COLE\u00c7\u00c3O DE PESSOAS - ESTAP - TDMII (Lisboa - PT)<\/span><\/p><p class=\\\"_Menu\\\"><span class=\\\"_Default_white\\\"><b>\u00a0<\/b><\/span><\/p><p class=\\\"_Menu\\\"><span class=\\\"_Default_white\\\" style=\\\"font-weight: 400;\\\">13\/09 - 29\/09\/2019 - Cole\u00e7\u00e3o de Artistas - Teatro Nacional D.Maria II (Lisboa - PT) - ESTREIA<\/span><\/p><p class=\\\"_Menu\\\"><span class=\\\"_Default_white\\\"><b>\u00a0<\/b><\/span><\/p><p class=\\\"_Menu\\\"><span class=\\\"_Default_white\\\" style=\\\"font-weight: 400;\\\">26\/05 - 29\/05\/2019 - Resid\u00eancia Artistica Cole\u00e7\u00e3o de Artistas - Espa\u00e7o do Tempo (Montemor-O-Novo - PT)<\/span><\/p><p class=\\\"_Menu\\\"><span class=\\\"_Default_white\\\"><b>\u00a0<\/b><\/span><\/p><p class=\\\"_Menu\\\"><span class=\\\"_Default_white\\\" style=\\\"font-weight: 400;\\\">24 May 2019 \/ Conference Collection of People<\/span><\/p><p class=\\\"_Menu\\\"><span class=\\\"_Default_white\\\" style=\\\"font-weight: 400;\\\">OUR STAGE \u2013 4th European B\u00fcrgerb\u00fchnenfestival - Dresden - Germany<\/span><\/p><p class=\\\"_Menu\\\"><span class=\\\"_Default_white\\\"><b>\u00a0<\/b><\/span><\/p><p class=\\\"_Menu\\\"><span class=\\\"_Default_white\\\" style=\\\"font-weight: 400;\\\">13-17 May 2019 \/ Artist Residence Collection of Artists<\/span><\/p><p class=\\\"_Menu\\\"><span class=\\\"_Default_white\\\" style=\\\"font-weight: 400;\\\">FITEI - Porto - Portugal<\/span><\/p><p class=\\\"_Menu\\\"><span class=\\\"_Default_white\\\"><b>\u00a0<\/b><\/span><\/p><p class=\\\"_Menu\\\"><span class=\\\"_Default_white\\\" style=\\\"font-weight: 400;\\\">7 - 9 May 2019 \/ Collection des Amants<\/span><\/p><p class=\\\"_Menu\\\"><span class=\\\"_Default_white\\\" style=\\\"font-weight: 400;\\\">Com\u00e9die de Gen\u00e8ve - Su\u00ed\u00e7a<\/span><\/p><p class=\\\"_Menu\\\"><span class=\\\"_Default_white\\\"><b>\u00a0<\/b><\/span><\/p><p class=\\\"_Menu\\\"><span class=\\\"_Default_white\\\" style=\\\"font-weight: 400;\\\">29 March 2019 \/ Cole\u00e7\u00e3o de Amantes<\/span><\/p><p class=\\\"_Menu\\\"><span class=\\\"_Default_white\\\" style=\\\"font-weight: 400;\\\">Angra do Hero\u00edsmo - A\u00e7ores - Portugal<\/span><\/p><p class=\\\"_Menu\\\"><span class=\\\"_Default_white\\\"><b>\u00a0<\/b><\/span><\/p><p class=\\\"_Menu\\\"><span class=\\\"_Default_white\\\" style=\\\"font-weight: 400;\\\">27 March 2019 \/ Cole\u00e7\u00e3o de Amantes (TV)<\/span><\/p><p class=\\\"_Menu\\\"><span class=\\\"_Default_white\\\" style=\\\"font-weight: 400;\\\">Festival END - Coimbra - Portugal<\/span><\/p><p class=\\\"_Menu\\\"><span class=\\\"_Default_white\\\"><b>\u00a0<\/b><\/span><\/p><p class=\\\"_Menu\\\"><span class=\\\"_Default_white\\\" style=\\\"font-weight: 400;\\\">1-2 February 2019 \/ Collection of Lovers<\/span><\/p><p class=\\\"_Menu\\\"><span class=\\\"_Default_white\\\" style=\\\"font-weight: 400;\\\">FIBA - Buenos Aires - Argentina<\/span><\/p><p class=\\\"_Menu\\\"><span class=\\\"_Default_white\\\"><b>\u00a0<\/b><\/span><\/p><p class=\\\"_Menu\\\"><span class=\\\"_Default_white\\\" style=\\\"font-weight: 400;\\\">27 January 2019 \/ Collection of Lovers<\/span><\/p><p class=\\\"_Menu\\\"><span class=\\\"_Default_white\\\" style=\\\"font-weight: 400;\\\">Matucana100 - Santiago do Chile - Chile<\/span><\/p><p class=\\\"_Menu\\\"><span class=\\\"_Default_white\\\"><b>\u00a0<\/b><\/span><\/p><p class=\\\"_Menu\\\"><span class=\\\"_Default_white\\\" style=\\\"font-weight: 400;\\\">16-23 January 2019 \/ Artist Residence Collection of Artists<\/span><\/p><p class=\\\"_Menu\\\"><span class=\\\"_Default_white\\\" style=\\\"font-weight: 400;\\\">CND Orleans - France<\/span><\/p><p class=\\\"_Menu\\\"><span class=\\\"_Default_white\\\"><b>\u00a0<\/b><\/span><\/p><p class=\\\"_Menu_White\\\">2018<\/p><p class=\\\"_Menu\\\"><span class=\\\"_Default_white\\\" style=\\\"font-weight: 400;\\\">9 - 20 December 2018 \/ Artist Residence Collection of Artists<\/span><\/p><p class=\\\"_Menu\\\"><span class=\\\"_Default_white\\\" style=\\\"font-weight: 400;\\\">Tanzfabrik - Berlin - German<\/span><\/p><p class=\\\"_Menu\\\"><span class=\\\"_Default_white\\\"><b>\u00a0<\/b><\/span><\/p><p class=\\\"_Menu\\\"><span class=\\\"_Default_white\\\" style=\\\"font-weight: 400;\\\">29 November 2018 \/ Cole\u00e7\u00e3o de Amantes<\/span><\/p><p class=\\\"_Menu\\\"><span class=\\\"_Default_white\\\" style=\\\"font-weight: 400;\\\">Festival Y - Teatro das Beiras - Covilh\u00e3 - Portugal<\/span><\/p><p class=\\\"_Menu\\\"><span class=\\\"_Default_white\\\"><b>\u00a0<\/b><\/span><\/p><p class=\\\"_Menu\\\"><span class=\\\"_Default_white\\\" style=\\\"font-weight: 400;\\\">11 November 2018 \/ Cole\u00e7\u00e3o de Amantes<\/span><\/p><p class=\\\"_Menu\\\"><span class=\\\"_Default_white\\\" style=\\\"font-weight: 400;\\\">Centro Dram\u00e1tico Viana do Castelo - Portugal<\/span><\/p><p class=\\\"_Menu\\\"><span class=\\\"_Default_white\\\"><b>\u00a0<\/b><\/span><\/p><p class=\\\"_Menu\\\"><span class=\\\"_Default_white\\\" style=\\\"font-weight: 400;\\\">27 October 2018 \/ Cole\u00e7\u00e3o de Amantes<\/span><\/p><p class=\\\"_Menu\\\"><span class=\\\"_Default_white\\\" style=\\\"font-weight: 400;\\\">Arte em Rede - Moita - Baixa da Banheira - Portugal<\/span><\/p><p class=\\\"_Menu\\\"><span class=\\\"_Default_white\\\"><b>\u00a0<\/b><\/span><\/p><p class=\\\"_Menu\\\"><span class=\\\"_Default_white\\\" style=\\\"font-weight: 400;\\\">6 - 12 October 2018 \/ Resid\u00eancia Art\u00edstica Cole\u00e7\u00e3o de Artistas<\/span><\/p><p class=\\\"_Menu\\\"><span class=\\\"_Default_white\\\" style=\\\"font-weight: 400;\\\">Festival Ver\u00e3o Azul - Cine Teatro Louletano - Loul\u00e9 - Portugal<\/span><\/p><p class=\\\"_Menu\\\"><span class=\\\"_Default_white\\\"><b>\u00a0<\/b><\/span><\/p><p class=\\\"_Menu\\\"><span class=\\\"_Default_white\\\" style=\\\"font-weight: 400;\\\">5 October 2018 \/ Cole\u00e7\u00e3o de Amantes (Confer\u00eancia)<\/span><\/p><p class=\\\"_Menu\\\"><span class=\\\"_Default_white\\\" style=\\\"font-weight: 400;\\\">Col\u00f3quio da Intimidade - Universidade do Minho - Guimar\u00e3es - Portugal<\/span><\/p><p class=\\\"_Menu\\\"><span class=\\\"_Default_white\\\"><b>\u00a0<\/b><\/span><\/p><p class=\\\"_Menu\\\"><span class=\\\"_Default_white\\\" style=\\\"font-weight: 400;\\\">17 - 22 September 2018 \/ Artist Residence Collection of Artists<\/span><\/p><p class=\\\"_Menu\\\"><span class=\\\"_Default_white\\\" style=\\\"font-weight: 400;\\\">Chocolate Factory Theater - Nova York - USA<\/span><\/p><p class=\\\"_Menu\\\"><span class=\\\"_Default_white\\\"><b>\u00a0<\/b><\/span><\/p><p class=\\\"_Menu\\\"><span class=\\\"_Default_white\\\" style=\\\"font-weight: 400;\\\">13 - 15 September 2018 \/ Collection of Lovers<\/span><\/p><p class=\\\"_Menu\\\"><span class=\\\"_Default_white\\\" style=\\\"font-weight: 400;\\\">PICA - Portland - USA<\/span><\/p><p class=\\\"_Menu\\\"><span class=\\\"_Default_white\\\"><b>\u00a0<\/b><\/span><\/p><p class=\\\"_Menu\\\"><span class=\\\"_Default_white\\\" style=\\\"font-weight: 400;\\\">6 - 7 September 2018 \/ Collection of Lovers<\/span><\/p><p class=\\\"_Menu\\\"><span class=\\\"_Default_white\\\" style=\\\"font-weight: 400;\\\">Contemporary Arts Center - Cincinnati - Ohio - USA<\/span><\/p><p class=\\\"_Menu\\\"><span class=\\\"_Default_white\\\"><b>\u00a0<\/b><\/span><\/p><p class=\\\"_Menu\\\"><span class=\\\"_Default_white\\\" style=\\\"font-weight: 400;\\\">5 September - 2 November 2018 \/ Exhibition Collection of Lovers PREMIER<\/span><\/p><p class=\\\"_Menu\\\"><span class=\\\"_Default_white\\\" style=\\\"font-weight: 400;\\\">Contemporary Arts Center - Cincinnati - Ohio - USA<\/span><\/p><p class=\\\"_Menu\\\"><span class=\\\"_Default_white\\\"><b>\u00a0<\/b><\/span><\/p><p class=\\\"_Menu\\\"><span class=\\\"_Default_white\\\" style=\\\"font-weight: 400;\\\">28 August - 2 September 2018 \/ Artist Residence Collection of Artists<\/span><\/p><p class=\\\"_Menu\\\"><span class=\\\"_Default_white\\\" style=\\\"font-weight: 400;\\\">Contemporary Arts Center - Cincinnati - Ohio - USA<\/span><\/p><p class=\\\"_Menu\\\"><span class=\\\"_Default_white\\\"><b>\u00a0<\/b><\/span><\/p><p class=\\\"_Menu\\\"><span class=\\\"_Default_white\\\" style=\\\"font-weight: 400;\\\">25 - 31 July 2018 \/ Artist Residence Collection of Artists<\/span><\/p><p class=\\\"_Menu\\\"><span class=\\\"_Default_white\\\" style=\\\"font-weight: 400;\\\">Szene - Salzburg - \u00c1ustria<\/span><\/p><p class=\\\"_Menu\\\"><span class=\\\"_Default_white\\\"><b>\u00a0<\/b><\/span><\/p><p class=\\\"_Menu\\\"><span class=\\\"_Default_white\\\" style=\\\"font-weight: 400;\\\">22 - 23 July 2018 \/ Artist Residence Collection of Artists<\/span><\/p><p class=\\\"_Menu\\\"><span class=\\\"_Default_white\\\" style=\\\"font-weight: 400;\\\">Cialou\/Mysl - Warsaw - Poland<\/span><\/p><p class=\\\"_Menu\\\"><span class=\\\"_Default_white\\\"><b>\u00a0<\/b><\/span><\/p><p class=\\\"_Menu\\\"><span class=\\\"_Default_white\\\" style=\\\"font-weight: 400;\\\">21July 2018 \/ Collection of Lovers<\/span><\/p><p class=\\\"_Menu\\\"><span class=\\\"_Default_white\\\" style=\\\"font-weight: 400;\\\">Cialou\/Mysl - Warsaw - Poland<\/span><\/p><p class=\\\"_Menu\\\"><span class=\\\"_Default_white\\\"><b>\u00a0<\/b><\/span><\/p><p class=\\\"_Menu\\\"><span class=\\\"_Default_white\\\" style=\\\"font-weight: 400;\\\">24 May 2018 \/ Cole\u00e7\u00e3o de Pessoas<\/span><\/p><p class=\\\"_Menu\\\"><span class=\\\"_Default_white\\\" style=\\\"font-weight: 400;\\\">Col\u00f3quio Internacional \\\"A presen\u00e7a do Texto na Dan\u00e7a e no Teatro\\\" - Lisboa - Portugal<\/span><\/p><p class=\\\"_Menu\\\"><span class=\\\"_Default_white\\\"><b>\u00a0<\/b><\/span><\/p><p class=\\\"_Menu\\\"><span class=\\\"_Default_white\\\" style=\\\"font-weight: 400;\\\">13 - 19 May 2018 \/ Resid\u00eancia Art\u00edstica Cole\u00e7\u00e3o de Artistas<\/span><\/p><p class=\\\"_Menu\\\"><span class=\\\"_Default_white\\\" style=\\\"font-weight: 400;\\\">Festival Ver\u00e3o Azul-Teatro das Figuras - Faro - Portugal<\/span><\/p><p class=\\\"_Menu\\\"><span class=\\\"_Default_white\\\"><b>\u00a0<\/b><\/span><\/p><p class=\\\"_Menu\\\"><span class=\\\"_Default_white\\\" style=\\\"font-weight: 400;\\\">20 - 25 April 2018 \/ Resid\u00eancia Art\u00edstica Cole\u00e7\u00e3o de Artistas<\/span><\/p><p class=\\\"_Menu\\\"><span class=\\\"_Default_white\\\" style=\\\"font-weight: 400;\\\">Espa\u00e7o do Tempo - Montemor - O - Novo - Portugal<\/span><\/p><p class=\\\"_Menu\\\"><span class=\\\"_Default_white\\\"><b>\u00a0<\/b><\/span><\/p><p class=\\\"_Menu\\\"><span class=\\\"_Default_white\\\" style=\\\"font-weight: 400;\\\">15 - 16 March 2018 \/ Collection of Lovers<\/span><\/p><p class=\\\"_Menu\\\"><span class=\\\"_Default_white\\\" style=\\\"font-weight: 400;\\\">Blackbox - Oslo - Norway<\/span><\/p><p class=\\\"_Menu\\\"><span class=\\\"_Default_white\\\"><b>\u00a0<\/b><\/span><\/p><p class=\\\"_Menu\\\"><span class=\\\"_Default_white\\\" style=\\\"font-weight: 400;\\\">9 - 10 March 2018 \/ Collection of Lovers<\/span><\/p><p class=\\\"_Menu\\\"><span class=\\\"_Default_white\\\" style=\\\"font-weight: 400;\\\">Findlay-Sandsmark - Stavanger - Norway<\/span><\/p><p class=\\\"_Menu\\\"><span class=\\\"_Default_white\\\"><b>\u00a0<\/b><\/span><\/p><p class=\\\"_Menu\\\"><span class=\\\"_Default_white\\\" style=\\\"font-weight: 400;\\\">3 March 2018 \/ Collection of Lovers<\/span><\/p><p class=\\\"_Menu\\\"><span class=\\\"_Default_white\\\" style=\\\"font-weight: 400;\\\">BIT Teatergarasjen - Bergen - Norway<\/span><\/p><p class=\\\"_Menu\\\"><span class=\\\"_Default_white\\\"><b>\u00a0<\/b><\/span><\/p><p class=\\\"_Menu\\\"><span class=\\\"_Default_white\\\" style=\\\"font-weight: 400;\\\">18 - 27 February 2018 \/ Artist Residence Collection of Artists<\/span><\/p><p class=\\\"_Menu\\\"><span class=\\\"_Default_white\\\" style=\\\"font-weight: 400;\\\">BIT Teatergarasjen - Bergen - Norway<\/span><\/p><p class=\\\"_Menu\\\"><span class=\\\"_Default_white\\\"><b>\u00a0<\/b><\/span><\/p><p class=\\\"_Menu\\\"><span class=\\\"_Default_white\\\" style=\\\"font-weight: 400;\\\">15 - 20 January 2018 \/ Artist Residence Collection of Artists<\/span><\/p><p class=\\\"_Menu\\\"><span class=\\\"_Default_white\\\" style=\\\"font-weight: 400;\\\">PNEU - Szene - Salzburg - \u00c1ustria<\/span><\/p><p class=\\\"_Menu\\\"><span class=\\\"_Default_white\\\"><b>\u00a0<\/b><\/span><\/p><p class=\\\"_Menu\\\"><span class=\\\"_Default_white\\\" style=\\\"font-weight: 400;\\\">13 January 2018 \/ Cole\u00e7\u00e3o de Colecionador_s<\/span><\/p><p class=\\\"_Menu\\\"><span class=\\\"_Default_white\\\" style=\\\"font-weight: 400;\\\">Teatro Virg\u00ednia - Torres Novas - Portugal<\/span><\/p><p class=\\\"_Menu\\\"><span class=\\\"_Default_white\\\"><b>\u00a0<\/b><\/span><\/p><p class=\\\"_Menu_White\\\">2017<\/p><p class=\\\"_Menu\\\"><span class=\\\"_Default_white\\\" style=\\\"font-weight: 400;\\\">16 - 22 November 2017 \/ Cole\u00e7\u00e3o de Amantes<\/span><\/p><p class=\\\"_Menu\\\"><span class=\\\"_Default_white\\\" style=\\\"font-weight: 400;\\\">Teatro Nacional D. Maria II - Lisboa - Portugal<\/span><\/p><p class=\\\"_Menu\\\"><span class=\\\"_Default_white\\\"><b>\u00a0<\/b><\/span><\/p><p class=\\\"_Menu\\\"><span class=\\\"_Default_white\\\" style=\\\"font-weight: 400;\\\">2 - 12 November 2017 \/ Cole\u00e7\u00e3o de Coleccionador_s<\/span><\/p><p class=\\\"_Menu\\\"><span class=\\\"_Default_white\\\" style=\\\"font-weight: 400;\\\">Teatro Nacional D. Maria II - Lisboa - Portugal<\/span><\/p><p class=\\\"_Menu\\\"><span class=\\\"_Default_white\\\"><b>\u00a0<\/b><\/span><\/p><p class=\\\"_Menu\\\"><span class=\\\"_Default_white\\\" style=\\\"font-weight: 400;\\\">25 October 2017 \/ Cole\u00e7\u00e3o de Amantes (TV) PREMIER<\/span><\/p><p class=\\\"_Menu\\\"><span class=\\\"_Default_white\\\" style=\\\"font-weight: 400;\\\">RTP2 - Portugal<\/span><\/p><p class=\\\"_Menu\\\"><span class=\\\"_Default_white\\\"><b>\u00a0<\/b><\/span><\/p><p class=\\\"_Menu\\\"><span class=\\\"_Default_white\\\" style=\\\"font-weight: 400;\\\">30 September 2017 \/ Cole\u00e7\u00e3o de Coleccionador_s<\/span><\/p><p class=\\\"_Menu\\\"><span class=\\\"_Default_white\\\" style=\\\"font-weight: 400;\\\">Cine Teatro Para\u00edso - Tomar - Portugal<\/span><\/p><p class=\\\"_Menu\\\"><span class=\\\"_Default_white\\\"><b>\u00a0<\/b><\/span><\/p><p class=\\\"_Menu\\\"><span class=\\\"_Default_white\\\" style=\\\"font-weight: 400;\\\">20 - 21 August 2017 \/ Cole\u00e7\u00e3o de Amantes (Confer\u00eancia)<\/span><\/p><p class=\\\"_Menu\\\"><span class=\\\"_Default_white\\\" style=\\\"font-weight: 400;\\\">Grupo Garimpo - Manaus - Amazonas - Brasil<\/span><\/p><p class=\\\"_Menu\\\"><span class=\\\"_Default_white\\\"><b>\u00a0<\/b><\/span><\/p><p class=\\\"_Menu\\\"><span class=\\\"_Default_white\\\" style=\\\"font-weight: 400;\\\">11 August 2017 \/ Cole\u00e7\u00e3o de Pessoas (Confer\u00eancia)<\/span><\/p><p class=\\\"_Menu\\\"><span class=\\\"_Default_white\\\" style=\\\"font-weight: 400;\\\">Museu de Arte Contempor\u00e2nea Niter\u00f3i - Brasil<\/span><\/p><p class=\\\"_Menu\\\"><span class=\\\"_Default_white\\\"><b>\u00a0<\/b><\/span><\/p><p class=\\\"_Menu\\\"><span class=\\\"_Default_white\\\" style=\\\"font-weight: 400;\\\">8 - 10 August 2017 \/ Workshop O Colecionismo nas Artes Performativas<\/span><\/p><p class=\\\"_Menu\\\"><span class=\\\"_Default_white\\\" style=\\\"font-weight: 400;\\\">Museu de Arte Contempor\u00e2nea Niter\u00f3i - Brasil<\/span><\/p><p class=\\\"_Menu\\\"><span class=\\\"_Default_white\\\"><b>\u00a0<\/b><\/span><\/p><p class=\\\"_Menu\\\"><span class=\\\"_Default_white\\\" style=\\\"font-weight: 400;\\\">14 - 29 July 2017 \/ Cole\u00e7\u00e3o de Coleccionador_s<\/span><\/p><p class=\\\"_Menu\\\"><span class=\\\"_Default_white\\\" style=\\\"font-weight: 400;\\\">Festival Walk&amp;Talk - S\u00e3o Miguel - A\u00e7ores - Portugal<\/span><\/p><p class=\\\"_Menu\\\"><span class=\\\"_Default_white\\\"><b>\u00a0<\/b><\/span><\/p><p class=\\\"_Menu\\\"><span class=\\\"_Default_white\\\" style=\\\"font-weight: 400;\\\">24 June 2017 \/ Cole\u00e7\u00e3o de Amantes<\/span><\/p><p class=\\\"_Menu\\\"><span class=\\\"_Default_white\\\" style=\\\"font-weight: 400;\\\">Centro de Arte de Ovar - Portugal<\/span><\/p><p class=\\\"_Menu\\\"><span class=\\\"_Default_white\\\"><b>\u00a0<\/b><\/span><\/p><p class=\\\"_Menu\\\"><span class=\\\"_Default_white\\\" style=\\\"font-weight: 400;\\\">10 June 2017 \/ Collection of Lovers<\/span><\/p><p class=\\\"_Menu\\\"><span class=\\\"_Default_white\\\" style=\\\"font-weight: 400;\\\">PT17 - Blackbox ET - Montemor-O-Novo - Portugal<\/span><\/p><p class=\\\"_Menu\\\"><span class=\\\"_Default_white\\\"><b>\u00a0<\/b><\/span><\/p><p class=\\\"_Menu\\\"><span class=\\\"_Default_white\\\" style=\\\"font-weight: 400;\\\">22 April 2017 \/ Cole\u00e7\u00e3o de Amantes<\/span><\/p><p class=\\\"_Menu\\\"><span class=\\\"_Default_white\\\" style=\\\"font-weight: 400;\\\">Centro das Artes do Espet\u00e1culo de Sever do Vouga - Portugal<\/span><\/p><p class=\\\"_Menu\\\"><span class=\\\"_Default_white\\\"><b>\u00a0<\/b><\/span><\/p><p class=\\\"_Menu\\\"><span class=\\\"_Default_white\\\" style=\\\"font-weight: 400;\\\">2 - 15 Maiy 2017 \/ Artistic Residency Collection of Collectors<\/span><\/p><p class=\\\"_Menu\\\"><span class=\\\"_Default_white\\\" style=\\\"font-weight: 400;\\\">BUDA - Kortrijk - Belgic<\/span><\/p><p class=\\\"_Menu\\\"><span class=\\\"_Default_white\\\"><b>\u00a0<\/b><\/span><\/p><p class=\\\"_Menu\\\"><span class=\\\"_Default_white\\\" style=\\\"font-weight: 400;\\\">27 February -13 March 2017 \/ Artistic Residence Collection of Collectors<\/span><\/p><p class=\\\"_Menu\\\"><span class=\\\"_Default_white\\\" style=\\\"font-weight: 400;\\\">Tanzfabrik - Berlim - German<\/span><\/p><p class=\\\"_Menu\\\"><span class=\\\"_Default_white\\\"><b>\u00a0<\/b><\/span><\/p><p><span class=\\\"_Menu_whity\\\">2016<\/span><\/p><p class=\\\"_Menu\\\"><span class=\\\"_Default_white\\\" style=\\\"font-weight: 400;\\\">24 - 27 November 2016 \/ Cole\u00e7\u00e3o de Coleccionador_s<\/span><\/p><p class=\\\"_Menu\\\"><span class=\\\"_Default_white\\\" style=\\\"font-weight: 400;\\\">Com\u00e9dias do Minho - Valen\u00e7a - Portugal<\/span><\/p><p class=\\\"_Menu\\\"><span class=\\\"_Default_white\\\"><b>\u00a0<\/b><\/span><\/p><p class=\\\"_Menu\\\"><span class=\\\"_Default_white\\\" style=\\\"font-weight: 400;\\\">17 - 20 November 2016 \/ Cole\u00e7\u00e3o de Coleccionador_s<\/span><\/p><p class=\\\"_Menu\\\"><span class=\\\"_Default_white\\\" style=\\\"font-weight: 400;\\\">Com\u00e9dias do Minho - Vila Nova de Cerveira - Portugal<\/span><\/p><p class=\\\"_Menu\\\"><span class=\\\"_Default_white\\\"><b>\u00a0<\/b><\/span><\/p><p class=\\\"_Menu\\\"><span class=\\\"_Default_white\\\" style=\\\"font-weight: 400;\\\">10 - 13 November 2016 \/ Cole\u00e7\u00e3o de Coleccionador_s<\/span><\/p><p class=\\\"_Menu\\\"><span class=\\\"_Default_white\\\" style=\\\"font-weight: 400;\\\">Com\u00e9dias do Minho - Mon\u00e7\u00e3o - Portugal<\/span><\/p><p class=\\\"_Menu\\\"><span class=\\\"_Default_white\\\"><b>\u00a0<\/b><\/span><\/p><p class=\\\"_Menu\\\"><span class=\\\"_Default_white\\\" style=\\\"font-weight: 400;\\\">3 - 6 November 2016 \/ Cole\u00e7\u00e3o de Coleccionador_s<\/span><\/p><p class=\\\"_Menu\\\"><span class=\\\"_Default_white\\\" style=\\\"font-weight: 400;\\\">Com\u00e9dias do Minho - Paredes de Coura - Portugal<\/span><\/p><p class=\\\"_Menu\\\"><span class=\\\"_Default_white\\\"><b>\u00a0<\/b><\/span><\/p><p class=\\\"_Menu\\\"><span class=\\\"_Default_white\\\" style=\\\"font-weight: 400;\\\">27 - 30 October 2016 \/ Cole\u00e7\u00e3o de Coleccionador_s<\/span><\/p><p class=\\\"_Menu\\\"><span class=\\\"_Default_white\\\" style=\\\"font-weight: 400;\\\">Com\u00e9dias do Minho - Melga\u00e7o - Portugal<\/span><\/p><p class=\\\"_Menu\\\"><span class=\\\"_Default_white\\\"><b>\u00a0<\/b><\/span><\/p><p class=\\\"_Menu\\\"><span class=\\\"_Default_white\\\" style=\\\"font-weight: 400;\\\">14 - 15 October 2016 \/ Cole\u00e7\u00e3o de Colecionador_s PREMIER<\/span><\/p><p class=\\\"_Menu\\\"><span class=\\\"_Default_white\\\" style=\\\"font-weight: 400;\\\">Teatro Rivoli - Porto - Portugal<\/span><\/p><p class=\\\"_Menu\\\"><span class=\\\"_Default_white\\\"><b>\u00a0<\/b><\/span><\/p><p class=\\\"_Menu\\\"><span class=\\\"_Default_white\\\" style=\\\"font-weight: 400;\\\">16 September 2016 \/ Cole\u00e7\u00e3o de Amantes<\/span><\/p><p class=\\\"_Menu\\\"><span class=\\\"_Default_white\\\" style=\\\"font-weight: 400;\\\">Festival Materiais Diversos - Minde - Portugal<\/span><\/p><p class=\\\"_Menu\\\"><span class=\\\"_Default_white\\\"><b>\u00a0<\/b><\/span><\/p><p class=\\\"_Menu\\\"><span class=\\\"_Default_white\\\" style=\\\"font-weight: 400;\\\">24 July 2016 \/ Cole\u00e7\u00e3o de Amantes<\/span><\/p><p class=\\\"_Menu\\\"><span class=\\\"_Default_white\\\" style=\\\"font-weight: 400;\\\">Festival Walk&amp;Talk\u201916 - Ponta Delgada - Ac\u0327ores - Portugal<\/span><\/p><p class=\\\"_Menu\\\"><span class=\\\"_Default_white\\\"><b>\u00a0<\/b><\/span><\/p><p class=\\\"_Menu\\\"><span class=\\\"_Default_white\\\" style=\\\"font-weight: 400;\\\">10 June 2016 \/ Cole\u00e7\u00e3o de Amantes<\/span><\/p><p class=\\\"_Menu\\\"><span class=\\\"_Default_white\\\" style=\\\"font-weight: 400;\\\">Cine Teatro Louletano - Loule\u0301 - Portugal<\/span><\/p><p class=\\\"_Menu\\\"><span class=\\\"_Default_white\\\"><b>\u00a0<\/b><\/span><\/p><p class=\\\"_Menu\\\"><span class=\\\"_Default_white\\\" style=\\\"font-weight: 400;\\\">20 - 21 April 2016 \/ Cole\u00e7\u00e3o de Amantes<\/span><\/p><p class=\\\"_Menu\\\"><span class=\\\"_Default_white\\\" style=\\\"font-weight: 400;\\\">Teatro S\u00e9rgio Porto - Rio de Janeiro - Brasil<\/span><\/p><p class=\\\"_Menu\\\"><span class=\\\"_Default_white\\\"><b>\u00a0<\/b><\/span><\/p><p class=\\\"_Menu\\\"><span class=\\\"_Default_white\\\" style=\\\"font-weight: 400;\\\">9 - 11 April 2016 \/ Cole\u00e7\u00e3o de Amantes<\/span><\/p><p class=\\\"_Menu\\\"><span class=\\\"_Default_white\\\" style=\\\"font-weight: 400;\\\">Galp\u00e3o Gamboa - Rio de Janeiro - Brasil<\/span><\/p><p class=\\\"_Menu\\\"><span class=\\\"_Default_white\\\"><b>\u00a0<\/b><\/span><\/p><p class=\\\"_Menu\\\"><span class=\\\"_Default_white\\\" style=\\\"font-weight: 400;\\\">3 April 2016 \/ Cole\u00e7\u00e3o de Amantes (Confer\u00eancia)<\/span><\/p><p class=\\\"_Menu\\\"><span class=\\\"_Default_white\\\" style=\\\"font-weight: 400;\\\">Face to Face - Rio de Janeiro - Brasil<\/span><\/p><p class=\\\"_Menu\\\">\u00a0<\/p><p><span class=\\\"_Menu_whity\\\">2015<\/span><\/p><p class=\\\"_Menu\\\"><span class=\\\"_Default_white\\\" style=\\\"font-weight: 400;\\\">14 -15 October 2015 \/ Cole\u00e7\u00e3o de Amantes<\/span><\/p><p class=\\\"_Menu\\\"><span class=\\\"_Default_white\\\" style=\\\"font-weight: 400;\\\">TEMPO Festival das Artes - Rio de Janeiro - Brasil<\/span><\/p><p class=\\\"_Menu\\\"><span class=\\\"_Default_white\\\"><b>\u00a0<\/b><\/span><\/p><p class=\\\"_Menu\\\"><span class=\\\"_Default_white\\\" style=\\\"font-weight: 400;\\\">11 - 20 September 2015 \/ Cole\u00e7\u00e3o de Amantes PREMIER<\/span><\/p><p class=\\\"_Menu\\\"><span class=\\\"_Default_white\\\" style=\\\"font-weight: 400;\\\">Teatro Nacional D. Maria II - Lisboa - Portugal<\/span><\/p><p class=\\\"_Menu\\\"><span class=\\\"_Default_white\\\"><b>\u00a0<\/b><\/span><\/p><p class=\\\"_Menu\\\"><span class=\\\"_Default_white\\\"><span style=\\\"font-weight: 400;\\\">01\/2015 - TURBOLENTO - <\/span><span style=\\\"font-weight: 400;\\\">Teatro Raquel Revuelta - Havana(CU)<\/span><\/span><\/p><p class=\\\"_Menu\\\"><span class=\\\"_Default_white\\\"><b>\u00a0<\/b><\/span><\/p><p class=\\\"_Menu\\\"><span class=\\\"_Default_white\\\" style=\\\"font-weight: 400;\\\">02\/2015 - TURBOLENTO - Cia de Danza - Buenos Aires (AR)<\/span><\/p><p class=\\\"_Menu\\\"><span class=\\\"_Default_white\\\"><b>\u00a0<\/b><\/span><\/p><p class=\\\"_Menu\\\"><span class=\\\"_Default_white\\\" style=\\\"font-weight: 400;\\\">03\/2015 - TURBOLENTO - Centro Coreogr\u00e1fico do Rio de Janeiro (BR)<\/span><\/p><p>\u00a0<\/p><p><span class=\\\"_Menu_whity\\\"><b>2013 \/ 2012 \/ 2011 \/ 2010<\/b><\/span><\/p><p class=\\\"_Menu\\\"><span class=\\\"_Default_white\\\"><span style=\\\"font-weight: 400;\\\">04\/2013 - LAST - <\/span><span style=\\\"font-weight: 400;\\\">Festival Dois Pontos (Rio de Janiero - BR)<\/span><\/span><\/p><p class=\\\"_Menu\\\"><span class=\\\"_Default_white\\\"><b>\u00a0<\/b><\/span><\/p><p class=\\\"_Menu\\\"><span class=\\\"_Default_white\\\" style=\\\"font-weight: 400;\\\">04\/2012 - LAST - Cia dos Atores (Rio de Janeiro -BR)<\/span><\/p><p class=\\\"_Menu\\\"><span class=\\\"_Default_white\\\"><b>\u00a0<\/b><\/span><\/p><p class=\\\"_Menu\\\"><span class=\\\"_Default_white\\\" style=\\\"font-weight: 400;\\\">03\/2012 - LAST - Teatro Municipal de Almada (Almada - PT)<\/span><\/p><p class=\\\"_Menu\\\"><span class=\\\"_Default_white\\\"><b>\u00a0<\/b><\/span><\/p><p class=\\\"_Menu\\\"><span class=\\\"_Default_white\\\" style=\\\"font-weight: 400;\\\">01\/2012 - LAST - EIRA33 (Lisboa PT)\u00a0<\/span><\/p><p class=\\\"_Menu\\\"><span class=\\\"_Default_white\\\"><b>\u00a0<\/b><\/span><\/p><p class=\\\"_Menu\\\"><span class=\\\"_Default_white\\\"><span style=\\\"font-weight: 400;\\\">2011 - NO Digital - <\/span><span style=\\\"font-weight: 400;\\\">Centro de Artes Performativas do Algarve (Faro -PT)<\/span><\/span><\/p><p class=\\\"_Menu\\\"><span class=\\\"_Default_white\\\"><b>\u00a0<\/b><\/span><\/p><p class=\\\"_Menu\\\"><span class=\\\"_Default_white\\\"><span style=\\\"font-weight: 400;\\\">2011 - NO Digital - Try Better Fail Better - Teatro Taborda (<\/span><span style=\\\"font-weight: 400;\\\">Lisboa-PT)\u00a0<\/span><\/span><\/p><p class=\\\"_Menu\\\"><span class=\\\"_Default_white\\\"><b>\u00a0<\/b><\/span><\/p><p class=\\\"_Menu\\\"><span class=\\\"_Default_white\\\"><span style=\\\"font-weight: 400;\\\">2011 - NO Digital - <\/span><span style=\\\"font-weight: 400;\\\">Festival Temps d\u2019Images <\/span><span style=\\\"font-weight: 400;\\\">(<\/span><span style=\\\"font-weight: 400;\\\">Lisboa-PT)\u00a0<\/span><\/span><\/p><p class=\\\"_Menu\\\"><span class=\\\"_Default_white\\\"><b>\u00a0<\/b><\/span><\/p><p class=\\\"_Menu\\\"><span class=\\\"_Default_white\\\"><span style=\\\"font-weight: 400;\\\">2011 - NO Digital<\/span><span style=\\\"font-weight: 400;\\\"> - 1\u00ba Andar - Mostra de Criadores Emergentes (Covilh\u00e3-PT)<\/span><\/span><\/p><p class=\\\"_Menu\\\"><span class=\\\"_Default_white\\\"><b>\u00a0<\/b><\/span><\/p><p class=\\\"_Menu\\\"><span class=\\\"_Default_white\\\"><span style=\\\"font-weight: 400;\\\">2010 - NO Digital<\/span> <span style=\\\"font-weight: 400;\\\">- EIRA33 (Lisboa-PT)<\/span><\/span><\/p><p class=\\\"_Menu\\\">\u00a0<\/p>\",\r\n          \"align\": \"top\",\r\n          \"row\": -1,\r\n          \"col\": 0,\r\n          \"colspan\": 12,\r\n          \"offsetx\": 0,\r\n          \"offsety\": 0,\r\n          \"spaceabove\": 1,\r\n          \"spacebelow\": 1,\r\n          \"yvel\": 1,\r\n          \"push\": 0,\r\n          \"relid\": 4,\r\n          \"classes\": \"line\",\r\n          \"absolute_position\": false\r\n        }\r\n      ],\r\n      \"align\": \"top\",\r\n      \"row\": 1,\r\n      \"col\": 0,\r\n      \"colspan\": 12,\r\n      \"offsetx\": 0,\r\n      \"offsety\": 0,\r\n      \"spaceabove\": 0,\r\n      \"spacebelow\": 0,\r\n      \"yvel\": 1,\r\n      \"push\": 0,\r\n      \"relid\": 7,\r\n      \"absolute_position\": true\r\n    }\r\n  ]\r\n}","phonegrid":"","_links":{"self":[{"href":"https:\/\/raquelandre.com\/en\/wp-json\/wp\/v2\/pages\/347","targetHints":{"allow":["GET"]}}],"collection":[{"href":"https:\/\/raquelandre.com\/en\/wp-json\/wp\/v2\/pages"}],"about":[{"href":"https:\/\/raquelandre.com\/en\/wp-json\/wp\/v2\/types\/page"}],"author":[{"embeddable":true,"href":"https:\/\/raquelandre.com\/en\/wp-json\/wp\/v2\/users\/2"}],"replies":[{"embeddable":true,"href":"https:\/\/raquelandre.com\/en\/wp-json\/wp\/v2\/comments?post=347"}],"version-history":[{"count":0,"href":"https:\/\/raquelandre.com\/en\/wp-json\/wp\/v2\/pages\/347\/revisions"}],"wp:attachment":[{"href":"https:\/\/raquelandre.com\/en\/wp-json\/wp\/v2\/media?parent=347"}],"curies":[{"name":"wp","href":"https:\/\/api.w.org\/{rel}","templated":true}]}}